{"id":2535,"date":"2022-09-13T14:11:29","date_gmt":"2022-09-13T14:11:29","guid":{"rendered":"https:\/\/dlpbabogados.com\/?page_id=2535"},"modified":"2022-09-13T14:16:55","modified_gmt":"2022-09-13T14:16:55","slug":"paula-nunez","status":"publish","type":"page","link":"https:\/\/dlpbabogados.com\/en\/paula-nunez\/","title":{"rendered":"Paula Nu\u00f1ez"},"content":{"rendered":"\t\t<div data-elementor-type=\"wp-page\" data-elementor-id=\"2535\" class=\"elementor elementor-2535\" data-elementor-post-type=\"page\">\n\t\t\t\t\t\t<section class=\"elementor-section elementor-top-section elementor-element elementor-element-66f4e6f elementor-section-boxed elementor-section-height-default elementor-section-height-default\" data-id=\"66f4e6f\" data-element_type=\"section\">\n\t\t\t\t\t\t<div class=\"elementor-container elementor-column-gap-default\">\n\t\t\t\t\t<div class=\"elementor-column elementor-col-100 elementor-top-column elementor-element elementor-element-e784339\" data-id=\"e784339\" data-element_type=\"column\">\n\t\t\t<div class=\"elementor-widget-wrap elementor-element-populated\">\n\t\t\t\t\t\t<section class=\"elementor-section elementor-inner-section elementor-element elementor-element-896cf2b elementor-section-boxed elementor-section-height-default elementor-section-height-default\" data-id=\"896cf2b\" data-element_type=\"section\">\n\t\t\t\t\t\t<div class=\"elementor-container elementor-column-gap-default\">\n\t\t\t\t\t<div class=\"elementor-column elementor-col-50 elementor-inner-column elementor-element elementor-element-f9e5aca\" data-id=\"f9e5aca\" data-element_type=\"column\">\n\t\t\t<div class=\"elementor-widget-wrap elementor-element-populated\">\n\t\t\t\t\t\t<div class=\"elementor-element elementor-element-2109fcb elementor-widget elementor-widget-image\" data-id=\"2109fcb\" data-element_type=\"widget\" data-widget_type=\"image.default\">\n\t\t\t\t<div class=\"elementor-widget-container\">\n\t\t\t<style>\/*! elementor - v3.19.0 - 05-02-2024 *\/\n.elementor-widget-image{text-align:center}.elementor-widget-image a{display:inline-block}.elementor-widget-image a img[src$=\".svg\"]{width:48px}.elementor-widget-image img{vertical-align:middle;display:inline-block}<\/style>\t\t\t\t\t\t\t\t\t\t<img fetchpriority=\"high\" decoding=\"async\" width=\"672\" height=\"590\" src=\"https:\/\/dlpbabogados.com\/wp-content\/uploads\/2022\/09\/Paula-Nunez-Castro-DPLPB-ABOGADOS-Madrid.jpg.png\" class=\"attachment-large size-large wp-image-2537\" alt=\"\" srcset=\"https:\/\/dlpbabogados.com\/wp-content\/uploads\/2022\/09\/Paula-Nunez-Castro-DPLPB-ABOGADOS-Madrid.jpg.png 672w, https:\/\/dlpbabogados.com\/wp-content\/uploads\/2022\/09\/Paula-Nunez-Castro-DPLPB-ABOGADOS-Madrid.jpg-300x263.png 300w, https:\/\/dlpbabogados.com\/wp-content\/uploads\/2022\/09\/Paula-Nunez-Castro-DPLPB-ABOGADOS-Madrid.jpg-14x12.png 14w, https:\/\/dlpbabogados.com\/wp-content\/uploads\/2022\/09\/Paula-Nunez-Castro-DPLPB-ABOGADOS-Madrid.jpg-24x21.png 24w, https:\/\/dlpbabogados.com\/wp-content\/uploads\/2022\/09\/Paula-Nunez-Castro-DPLPB-ABOGADOS-Madrid.jpg-36x32.png 36w, https:\/\/dlpbabogados.com\/wp-content\/uploads\/2022\/09\/Paula-Nunez-Castro-DPLPB-ABOGADOS-Madrid.jpg-48x42.png 48w\" sizes=\"(max-width: 672px) 100vw, 672px\" style=\"width:100%;height:87.8%;max-width:672px\" \/>\t\t\t\t\t\t\t\t\t\t\t\t\t<\/div>\n\t\t\t\t<\/div>\n\t\t\t\t\t<\/div>\n\t\t<\/div>\n\t\t\t\t<div class=\"elementor-column elementor-col-50 elementor-inner-column elementor-element elementor-element-c1c2ff6\" data-id=\"c1c2ff6\" data-element_type=\"column\">\n\t\t\t<div class=\"elementor-widget-wrap elementor-element-populated\">\n\t\t\t\t\t\t<div class=\"elementor-element elementor-element-0cf3cba elementor-widget elementor-widget-heading\" data-id=\"0cf3cba\" data-element_type=\"widget\" data-widget_type=\"heading.default\">\n\t\t\t\t<div class=\"elementor-widget-container\">\n\t\t\t<style>\/*! elementor - v3.19.0 - 05-02-2024 *\/\n.elementor-heading-title{padding:0;margin:0;line-height:1}.elementor-widget-heading .elementor-heading-title[class*=elementor-size-]>a{color:inherit;font-size:inherit;line-height:inherit}.elementor-widget-heading .elementor-heading-title.elementor-size-small{font-size:15px}.elementor-widget-heading .elementor-heading-title.elementor-size-medium{font-size:19px}.elementor-widget-heading .elementor-heading-title.elementor-size-large{font-size:29px}.elementor-widget-heading .elementor-heading-title.elementor-size-xl{font-size:39px}.elementor-widget-heading .elementor-heading-title.elementor-size-xxl{font-size:59px}<\/style><h2 class=\"elementor-heading-title elementor-size-default\">Paula N\u00fa\u00f1ez Castro<\/h2>\t\t<\/div>\n\t\t\t\t<\/div>\n\t\t\t\t<div class=\"elementor-element elementor-element-37f840c elementor-widget elementor-widget-heading\" data-id=\"37f840c\" data-element_type=\"widget\" data-widget_type=\"heading.default\">\n\t\t\t\t<div class=\"elementor-widget-container\">\n\t\t\t<h2 class=\"elementor-heading-title elementor-size-default\">Abogada junior en el Departamento Mercantil y Financiero<\/h2>\t\t<\/div>\n\t\t\t\t<\/div>\n\t\t\t\t<div class=\"elementor-element elementor-element-3cae2b5 elementor-widget-divider--view-line elementor-widget elementor-widget-divider\" data-id=\"3cae2b5\" data-element_type=\"widget\" data-widget_type=\"divider.default\">\n\t\t\t\t<div class=\"elementor-widget-container\">\n\t\t\t<style>\/*! elementor - v3.19.0 - 05-02-2024 *\/\n.elementor-widget-divider{--divider-border-style:none;--divider-border-width:1px;--divider-color:#0c0d0e;--divider-icon-size:20px;--divider-element-spacing:10px;--divider-pattern-height:24px;--divider-pattern-size:20px;--divider-pattern-url:none;--divider-pattern-repeat:repeat-x}.elementor-widget-divider .elementor-divider{display:flex}.elementor-widget-divider .elementor-divider__text{font-size:15px;line-height:1;max-width:95%}.elementor-widget-divider .elementor-divider__element{margin:0 var(--divider-element-spacing);flex-shrink:0}.elementor-widget-divider .elementor-icon{font-size:var(--divider-icon-size)}.elementor-widget-divider .elementor-divider-separator{display:flex;margin:0;direction:ltr}.elementor-widget-divider--view-line_icon .elementor-divider-separator,.elementor-widget-divider--view-line_text .elementor-divider-separator{align-items:center}.elementor-widget-divider--view-line_icon .elementor-divider-separator:after,.elementor-widget-divider--view-line_icon .elementor-divider-separator:before,.elementor-widget-divider--view-line_text .elementor-divider-separator:after,.elementor-widget-divider--view-line_text .elementor-divider-separator:before{display:block;content:\"\";border-block-end:0;flex-grow:1;border-block-start:var(--divider-border-width) var(--divider-border-style) var(--divider-color)}.elementor-widget-divider--element-align-left .elementor-divider .elementor-divider-separator>.elementor-divider__svg:first-of-type{flex-grow:0;flex-shrink:100}.elementor-widget-divider--element-align-left .elementor-divider-separator:before{content:none}.elementor-widget-divider--element-align-left .elementor-divider__element{margin-left:0}.elementor-widget-divider--element-align-right .elementor-divider .elementor-divider-separator>.elementor-divider__svg:last-of-type{flex-grow:0;flex-shrink:100}.elementor-widget-divider--element-align-right .elementor-divider-separator:after{content:none}.elementor-widget-divider--element-align-right .elementor-divider__element{margin-right:0}.elementor-widget-divider--element-align-start .elementor-divider .elementor-divider-separator>.elementor-divider__svg:first-of-type{flex-grow:0;flex-shrink:100}.elementor-widget-divider--element-align-start .elementor-divider-separator:before{content:none}.elementor-widget-divider--element-align-start .elementor-divider__element{margin-inline-start:0}.elementor-widget-divider--element-align-end .elementor-divider .elementor-divider-separator>.elementor-divider__svg:last-of-type{flex-grow:0;flex-shrink:100}.elementor-widget-divider--element-align-end .elementor-divider-separator:after{content:none}.elementor-widget-divider--element-align-end .elementor-divider__element{margin-inline-end:0}.elementor-widget-divider:not(.elementor-widget-divider--view-line_text):not(.elementor-widget-divider--view-line_icon) .elementor-divider-separator{border-block-start:var(--divider-border-width) var(--divider-border-style) var(--divider-color)}.elementor-widget-divider--separator-type-pattern{--divider-border-style:none}.elementor-widget-divider--separator-type-pattern.elementor-widget-divider--view-line .elementor-divider-separator,.elementor-widget-divider--separator-type-pattern:not(.elementor-widget-divider--view-line) .elementor-divider-separator:after,.elementor-widget-divider--separator-type-pattern:not(.elementor-widget-divider--view-line) .elementor-divider-separator:before,.elementor-widget-divider--separator-type-pattern:not([class*=elementor-widget-divider--view]) .elementor-divider-separator{width:100%;min-height:var(--divider-pattern-height);-webkit-mask-size:var(--divider-pattern-size) 100%;mask-size:var(--divider-pattern-size) 100%;-webkit-mask-repeat:var(--divider-pattern-repeat);mask-repeat:var(--divider-pattern-repeat);background-color:var(--divider-color);-webkit-mask-image:var(--divider-pattern-url);mask-image:var(--divider-pattern-url)}.elementor-widget-divider--no-spacing{--divider-pattern-size:auto}.elementor-widget-divider--bg-round{--divider-pattern-repeat:round}.rtl .elementor-widget-divider .elementor-divider__text{direction:rtl}.e-con-inner>.elementor-widget-divider,.e-con>.elementor-widget-divider{width:var(--container-widget-width,100%);--flex-grow:var(--container-widget-flex-grow)}<\/style>\t\t<div class=\"elementor-divider\">\n\t\t\t<span class=\"elementor-divider-separator\">\n\t\t\t\t\t\t<\/span>\n\t\t<\/div>\n\t\t\t\t<\/div>\n\t\t\t\t<\/div>\n\t\t\t\t\t<\/div>\n\t\t<\/div>\n\t\t\t\t\t<\/div>\n\t\t<\/section>\n\t\t\t\t<div class=\"elementor-element elementor-element-b8e8a30 elementor-widget elementor-widget-text-editor\" data-id=\"b8e8a30\" data-element_type=\"widget\" data-widget_type=\"text-editor.default\">\n\t\t\t\t<div class=\"elementor-widget-container\">\n\t\t\t<style>\/*! elementor - v3.19.0 - 05-02-2024 *\/\n.elementor-widget-text-editor.elementor-drop-cap-view-stacked .elementor-drop-cap{background-color:#69727d;color:#fff}.elementor-widget-text-editor.elementor-drop-cap-view-framed .elementor-drop-cap{color:#69727d;border:3px solid;background-color:transparent}.elementor-widget-text-editor:not(.elementor-drop-cap-view-default) .elementor-drop-cap{margin-top:8px}.elementor-widget-text-editor:not(.elementor-drop-cap-view-default) .elementor-drop-cap-letter{width:1em;height:1em}.elementor-widget-text-editor .elementor-drop-cap{float:left;text-align:center;line-height:1;font-size:50px}.elementor-widget-text-editor .elementor-drop-cap-letter{display:inline-block}<\/style>\t\t\t\t<p>Paula es abogada junior en De la Pe\u00f1a &amp; Bethencourt en las \u00e1reas de derecho mercantil &amp; financiero, lideradas por Juan Manuel Bethencourt.<\/p><p>\u00a0<\/p><p>Cuenta con experiencia asesorando a clientes nacionales e internacionales en materias mercantiles y de <em>Banking and<\/em> <em>Finance<\/em>.<\/p><p>\u00a0<\/p><p>Con car\u00e1cter previo a su incorporaci\u00f3n al despacho, Paula trabaj\u00f3 en Dentons Europe Abogados en el departamento de <em>Finance<\/em>, as\u00ed como en Casta\u00f1eda Abogados en el departamento de <em>Corporate<\/em>.<\/p><p>\u00a0<\/p><p>Asimismo, al principio de su carrera profesional tambi\u00e9n trabaj\u00f3 en el Consejo General de la Abogac\u00eda, en su sede ubicada en B\u00e9lgica y en Madrid y para la Subdelegaci\u00f3n del Gobierno en Bilbao en el departamento de extranjer\u00eda.<\/p><p>\u00a0<\/p><p>Paula es Graduada en Derecho por la Universidad de Deusto y cuenta con el M\u00e1ster de Acceso a la Profesi\u00f3n de Abogado por la Universidad Complutense de Madrid.<\/p>\t\t\t\t\t\t<\/div>\n\t\t\t\t<\/div>\n\t\t\t\t<div class=\"elementor-element elementor-element-fb94394 elementor-widget elementor-widget-spacer\" data-id=\"fb94394\" data-element_type=\"widget\" data-widget_type=\"spacer.default\">\n\t\t\t\t<div class=\"elementor-widget-container\">\n\t\t\t<style>\/*! elementor - v3.19.0 - 05-02-2024 *\/\n.elementor-column .elementor-spacer-inner{height:var(--spacer-size)}.e-con{--container-widget-width:100%}.e-con-inner>.elementor-widget-spacer,.e-con>.elementor-widget-spacer{width:var(--container-widget-width,var(--spacer-size));--align-self:var(--container-widget-align-self,initial);--flex-shrink:0}.e-con-inner>.elementor-widget-spacer>.elementor-widget-container,.e-con>.elementor-widget-spacer>.elementor-widget-container{height:100%;width:100%}.e-con-inner>.elementor-widget-spacer>.elementor-widget-container>.elementor-spacer,.e-con>.elementor-widget-spacer>.elementor-widget-container>.elementor-spacer{height:100%}.e-con-inner>.elementor-widget-spacer>.elementor-widget-container>.elementor-spacer>.elementor-spacer-inner,.e-con>.elementor-widget-spacer>.elementor-widget-container>.elementor-spacer>.elementor-spacer-inner{height:var(--container-widget-height,var(--spacer-size))}.e-con-inner>.elementor-widget-spacer.elementor-widget-empty,.e-con>.elementor-widget-spacer.elementor-widget-empty{position:relative;min-height:22px;min-width:22px}.e-con-inner>.elementor-widget-spacer.elementor-widget-empty .elementor-widget-empty-icon,.e-con>.elementor-widget-spacer.elementor-widget-empty .elementor-widget-empty-icon{position:absolute;top:0;bottom:0;left:0;right:0;margin:auto;padding:0;width:22px;height:22px}<\/style>\t\t<div class=\"elementor-spacer\">\n\t\t\t<div class=\"elementor-spacer-inner\"><\/div>\n\t\t<\/div>\n\t\t\t\t<\/div>\n\t\t\t\t<\/div>\n\t\t\t\t\t<\/div>\n\t\t<\/div>\n\t\t\t\t\t<\/div>\n\t\t<\/section>\n\t\t\t\t<\/div>\n\t\t","protected":false},"excerpt":{"rendered":"<p>Paula N\u00fa\u00f1ez Castro Abogada junior en el Departamento Mercantil y Financiero Paula es abogada junior en De la Pe\u00f1a &amp; Bethencourt en las \u00e1reas de derecho mercantil &amp; financiero, lideradas por Juan Manuel Bethencourt. \u00a0 Cuenta con experiencia asesorando a clientes nacionales e internacionales en materias mercantiles y de Banking and Finance. \u00a0 Con car\u00e1cter&hellip; <a class=\"more-link\" href=\"https:\/\/dlpbabogados.com\/en\/paula-nunez\/\">Continue reading <span class=\"screen-reader-text\">Paula Nu\u00f1ez<\/span><\/a><\/p>","protected":false},"author":2,"featured_media":0,"parent":0,"menu_order":0,"comment_status":"closed","ping_status":"closed","template":"elementor_header_footer","meta":{"footnotes":""},"class_list":["post-2535","page","type-page","status-publish","hentry","entry"],"yoast_head":"<!-- This site is optimized with the Yoast SEO plugin v22.0 - https:\/\/yoast.com\/wordpress\/plugins\/seo\/ -->\n<title>Paula Nu\u00f1ez | De la Pe\u00f1a &amp; Bethencourt Abogados<\/title>\n<meta name=\"description\" content=\"Paula es abogada junior en De la Pe\u00f1a &amp; Bethencourt en las \u00e1reas de derecho mercantil &amp; financiero, lideradas por Juan Manuel Bethencourt.\" \/>\n<meta name=\"robots\" content=\"index, follow, max-snippet:-1, max-image-preview:large, max-video-preview:-1\" \/>\n<link rel=\"canonical\" href=\"https:\/\/dlpbabogados.com\/en\/paula-nunez\/\" \/>\n<meta property=\"og:locale\" content=\"en_GB\" \/>\n<meta property=\"og:type\" content=\"article\" \/>\n<meta property=\"og:title\" content=\"Paula Nu\u00f1ez | De la Pe\u00f1a &amp; Bethencourt Abogados\" \/>\n<meta property=\"og:description\" content=\"Paula es abogada junior en De la Pe\u00f1a &amp; Bethencourt en las \u00e1reas de derecho mercantil &amp; financiero, lideradas por Juan Manuel Bethencourt.\" \/>\n<meta property=\"og:url\" content=\"https:\/\/dlpbabogados.com\/en\/paula-nunez\/\" \/>\n<meta property=\"og:site_name\" content=\"De la Pe\u00f1a &amp; Bethencourt\" \/>\n<meta property=\"article:modified_time\" content=\"2022-09-13T14:16:55+00:00\" \/>\n<meta property=\"og:image\" content=\"https:\/\/dlpbabogados.com\/wp-content\/uploads\/2022\/09\/Paula-Nunez-Castro-DPLPB-ABOGADOS-Madrid.jpg.png\" \/>\n<meta name=\"twitter:card\" content=\"summary_large_image\" \/>\n<meta name=\"twitter:label1\" content=\"Estimated reading time\" \/>\n\t<meta name=\"twitter:data1\" content=\"1 minute\" \/>\n<script type=\"application\/ld+json\" class=\"yoast-schema-graph\">{\"@context\":\"https:\/\/schema.org\",\"@graph\":[{\"@type\":\"WebPage\",\"@id\":\"https:\/\/dlpbabogados.com\/paula-nunez\/\",\"url\":\"https:\/\/dlpbabogados.com\/paula-nunez\/\",\"name\":\"Paula Nu\u00f1ez | De la Pe\u00f1a &amp; Bethencourt Abogados\",\"isPartOf\":{\"@id\":\"https:\/\/dlpbabogados.com\/#website\"},\"datePublished\":\"2022-09-13T14:11:29+00:00\",\"dateModified\":\"2022-09-13T14:16:55+00:00\",\"description\":\"Paula es abogada junior en De la Pe\u00f1a & Bethencourt en las \u00e1reas de derecho mercantil & financiero, lideradas por Juan Manuel Bethencourt.\",\"breadcrumb\":{\"@id\":\"https:\/\/dlpbabogados.com\/paula-nunez\/#breadcrumb\"},\"inLanguage\":\"en-GB\",\"potentialAction\":[{\"@type\":\"ReadAction\",\"target\":[\"https:\/\/dlpbabogados.com\/paula-nunez\/\"]}]},{\"@type\":\"BreadcrumbList\",\"@id\":\"https:\/\/dlpbabogados.com\/paula-nunez\/#breadcrumb\",\"itemListElement\":[{\"@type\":\"ListItem\",\"position\":1,\"name\":\"Portada\",\"item\":\"https:\/\/dlpbabogados.com\/\"},{\"@type\":\"ListItem\",\"position\":2,\"name\":\"Paula Nu\u00f1ez\"}]},{\"@type\":\"WebSite\",\"@id\":\"https:\/\/dlpbabogados.com\/#website\",\"url\":\"https:\/\/dlpbabogados.com\/\",\"name\":\"De la Pe\u00f1a &amp; Bethencourt\",\"description\":\"Despacho de Abogados en Madrid\",\"potentialAction\":[{\"@type\":\"SearchAction\",\"target\":{\"@type\":\"EntryPoint\",\"urlTemplate\":\"https:\/\/dlpbabogados.com\/?s={search_term_string}\"},\"query-input\":\"required name=search_term_string\"}],\"inLanguage\":\"en-GB\"}]}<\/script>\n<!-- \/ Yoast SEO plugin. -->","yoast_head_json":{"title":"Paula Nu\u00f1ez | De la Pe\u00f1a &amp; Bethencourt Abogados","description":"Paula es abogada junior en De la Pe\u00f1a & Bethencourt en las \u00e1reas de derecho mercantil & financiero, lideradas por Juan Manuel Bethencourt.","robots":{"index":"index","follow":"follow","max-snippet":"max-snippet:-1","max-image-preview":"max-image-preview:large","max-video-preview":"max-video-preview:-1"},"canonical":"https:\/\/dlpbabogados.com\/en\/paula-nunez\/","og_locale":"en_GB","og_type":"article","og_title":"Paula Nu\u00f1ez | De la Pe\u00f1a &amp; Bethencourt Abogados","og_description":"Paula es abogada junior en De la Pe\u00f1a & Bethencourt en las \u00e1reas de derecho mercantil & financiero, lideradas por Juan Manuel Bethencourt.","og_url":"https:\/\/dlpbabogados.com\/en\/paula-nunez\/","og_site_name":"De la Pe\u00f1a &amp; Bethencourt","article_modified_time":"2022-09-13T14:16:55+00:00","og_image":[{"url":"https:\/\/dlpbabogados.com\/wp-content\/uploads\/2022\/09\/Paula-Nunez-Castro-DPLPB-ABOGADOS-Madrid.jpg.png"}],"twitter_card":"summary_large_image","twitter_misc":{"Estimated reading time":"1 minute"},"schema":{"@context":"https:\/\/schema.org","@graph":[{"@type":"WebPage","@id":"https:\/\/dlpbabogados.com\/paula-nunez\/","url":"https:\/\/dlpbabogados.com\/paula-nunez\/","name":"Paula Nu\u00f1ez | De la Pe\u00f1a &amp; Bethencourt Abogados","isPartOf":{"@id":"https:\/\/dlpbabogados.com\/#website"},"datePublished":"2022-09-13T14:11:29+00:00","dateModified":"2022-09-13T14:16:55+00:00","description":"Paula es abogada junior en De la Pe\u00f1a & Bethencourt en las \u00e1reas de derecho mercantil & financiero, lideradas por Juan Manuel Bethencourt.","breadcrumb":{"@id":"https:\/\/dlpbabogados.com\/paula-nunez\/#breadcrumb"},"inLanguage":"en-GB","potentialAction":[{"@type":"ReadAction","target":["https:\/\/dlpbabogados.com\/paula-nunez\/"]}]},{"@type":"BreadcrumbList","@id":"https:\/\/dlpbabogados.com\/paula-nunez\/#breadcrumb","itemListElement":[{"@type":"ListItem","position":1,"name":"Portada","item":"https:\/\/dlpbabogados.com\/"},{"@type":"ListItem","position":2,"name":"Paula Nu\u00f1ez"}]},{"@type":"WebSite","@id":"https:\/\/dlpbabogados.com\/#website","url":"https:\/\/dlpbabogados.com\/","name":"De la Pe\u00f1a &amp; Bethencourt","description":"Despacho de Abogados en Madrid","potentialAction":[{"@type":"SearchAction","target":{"@type":"EntryPoint","urlTemplate":"https:\/\/dlpbabogados.com\/?s={search_term_string}"},"query-input":"required name=search_term_string"}],"inLanguage":"en-GB"}]}},"_links":{"self":[{"href":"https:\/\/dlpbabogados.com\/en\/wp-json\/wp\/v2\/pages\/2535","targetHints":{"allow":["GET"]}}],"collection":[{"href":"https:\/\/dlpbabogados.com\/en\/wp-json\/wp\/v2\/pages"}],"about":[{"href":"https:\/\/dlpbabogados.com\/en\/wp-json\/wp\/v2\/types\/page"}],"author":[{"embeddable":true,"href":"https:\/\/dlpbabogados.com\/en\/wp-json\/wp\/v2\/users\/2"}],"replies":[{"embeddable":true,"href":"https:\/\/dlpbabogados.com\/en\/wp-json\/wp\/v2\/comments?post=2535"}],"version-history":[{"count":4,"href":"https:\/\/dlpbabogados.com\/en\/wp-json\/wp\/v2\/pages\/2535\/revisions"}],"predecessor-version":[{"id":2540,"href":"https:\/\/dlpbabogados.com\/en\/wp-json\/wp\/v2\/pages\/2535\/revisions\/2540"}],"wp:attachment":[{"href":"https:\/\/dlpbabogados.com\/en\/wp-json\/wp\/v2\/media?parent=2535"}],"curies":[{"name":"wp","href":"https:\/\/api.w.org\/{rel}","templated":true}]}}